{"id":2742,"date":"2020-04-05T20:52:24","date_gmt":"2020-04-05T20:52:24","guid":{"rendered":"http:\/\/canmarles.com\/nova\/politica-de-privacidad\/"},"modified":"2020-05-20T11:11:33","modified_gmt":"2020-05-20T11:11:33","slug":"politica-de-privacitat","status":"publish","type":"page","link":"https:\/\/canmarles.com\/ca\/politica-de-privacitat\/","title":{"rendered":"Pol\u00edtica de privacitat"},"content":{"rendered":"<div class=\"fusion-fullwidth fullwidth-box fusion-builder-row-1 nonhundred-percent-fullwidth non-hundred-percent-height-scrolling\" style=\"--awb-border-radius-top-left:0px;--awb-border-radius-top-right:0px;--awb-border-radius-bottom-right:0px;--awb-border-radius-bottom-left:0px;--awb-flex-wrap:wrap;\" ><div class=\"fusion-builder-row fusion-row\"><div class=\"fusion-layout-column fusion_builder_column fusion-builder-column-0 fusion_builder_column_1_1 1_1 fusion-one-full fusion-column-first fusion-column-last\" style=\"--awb-bg-size:cover;\"><div class=\"fusion-column-wrapper fusion-column-has-shadow fusion-flex-column-wrapper-legacy\"><div class=\"fusion-text fusion-text-1\"><p style=\"text-align: justify;\">D&#8217;acord amb les obligacions previstes a la llei 34\/2002 de Serveis de la Societat de la Informaci\u00f3 i de Comer\u00e7 Electr\u00f2nic, Hinrichsen &amp; Sons SL manifesta que el domini canmarles.com \u00e9s propietat de Hinrichsen &amp; Sons SL, amb CIF B-43908979, i amb domicila a Finca Can Marl\u00e8s S\/N, Can Ferrer de la Cogullada, 43812, El Montmell, Tarragona, i correu electr\u00f2nic lucia@canmarles.com<\/p>\n<p style=\"text-align: justify;\">Que Hinrichsen &amp; Sons SL consta inscrita en el Registre Mercantil de Tarragona, en el Tom 2.345 de Societats, Foli 119, Fulla T-37.048.<\/p>\n<div style=\"text-align: justify;\">Hinrichsen &amp; Sons SL no pot assumir cap responsabilitat derivada de l&#8217;\u00fas incorrecte, inapropiat o il\u00b7l\u00edcit de l&#8217;informaci\u00f3 reflexada a la seva p\u00e0gina. Amb els l\u00edmits establerts per la llei, Hinrichsen &amp; Sons SL no assumeix cap responsabilitat derivada de la falta de veracitat, integritat, actualitzaci\u00f3 i precisi\u00f3 de les dades o informacions que cont\u00e9 en les seves p\u00e0gines d&#8217;internet.<\/div>\n<p style=\"text-align: justify;\">Els continguts i informacions de les p\u00e0gines d&#8217;internet de Hinrichsen &amp; Sons SL estan elaborades per professionals degudament qualificats per a l&#8217;exercici de la seva professi\u00f3. No obstant, el contingut o informacions no vinculants a l&#8217;anomenada, no constitueixen opinions, consells, o assessorament legal de cap tipus, doncs es tracta merament d&#8217;un servei ofert amb car\u00e0cter informatiu i divulgatiu. Les p\u00e0gines d&#8217;internet de Hinrichsen &amp; Sons SL poden contenir enlla\u00e7os (links) a altres p\u00e0gines de tercers. Per tant, aquesta no pot assumir responsabilitats pel contingut que pugui apar\u00e8ixer en p\u00e0gines de tercers. Els textos, imatges, sons, animacions, software i els dem\u00e9s continguts inclosos en aquesta p\u00e0gina web son preopietat exclusiva de Hinrichsen &amp; Sons SL. Qualsevol acte de transmissi\u00f3, distribuci\u00f3, cessi\u00f3, reproducci\u00f3, emmagatzematge o comunicaci\u00f3 p\u00fablica total o parcial, haur\u00e0 de comptar amb el consentiment expl\u00edcit de Hinrichsen &amp; Sons SL.<\/p>\n<p style=\"text-align: left;\">\n<div style=\"text-align: justify;\"><b style=\"background-color: rgba(255, 255, 255, 0); color: var(--body_typography-color); font-family: var(--body_typography-font-family); font-size: var(--body_typography-font-size); font-style: var(--body_typography-font-style,normal); letter-spacing: var(--body_typography-letter-spacing);\">PROTECCI\u00d3 DE DADES PERSONALS<\/b><\/div>\n<div style=\"text-align: justify;\"><span style=\"background-color: rgba(255, 255, 255, 0); color: var(--body_typography-color); font-family: var(--body_typography-font-family); font-size: var(--body_typography-font-size); font-style: var(--body_typography-font-style,normal); font-weight: var(--body_typography-font-weight); letter-spacing: var(--body_typography-letter-spacing);\">En virtut de la normativa sobre la Protecci\u00f3 de Dades de car\u00e0cter personal, el fem coneixedor de que eles seves dades personals, que poden estar en aquesta comunicaci\u00f3, s\u00f3n incorporats a un arxiu anomenat &#8220;contactes&#8221;, responsabilitat de la mercantil Hinrichsen &amp; Sons SL, amb CIF B-43908979. La finalitat d&#8217;aquest fitxer \u00e9s gestionar la relaci\u00f3 negocial i informar-lo dels nostres serveis. Aquestes dades no seran transmeses per a terceres persones.<\/span><\/div>\n<\/p>\n<div style=\"text-align: justify;\"><span style=\"background-color: rgba(255, 255, 255, 0); color: var(--body_typography-color); font-family: var(--body_typography-font-family); font-size: var(--body_typography-font-size); font-style: var(--body_typography-font-style,normal); font-weight: var(--body_typography-font-weight); letter-spacing: var(--body_typography-letter-spacing);\">Aix\u00ed mateix, per a accedir a alguns dels serveis que Hinrichsen &amp; Sons SL ofereix a trav\u00e9s del lloc web, haur\u00e0 de proporcionar algunes dades de car\u00e0cter personal. En cumpliment de l&#8217;establert a la LO 15\/1999, del 13 de desembre, de Protecci\u00f3 de Dades de Car\u00e0cter Personal, l&#8217;informem de que, mitjan\u00e7ant la cumplimentaci\u00f3 del formulari, les seves dades personals son guardades per Hinrichsen &amp; Sons SL amb la finalitat de poder donar-li i oferir-li els nostres serveis, aix\u00ed com per a informar-lo de les millores del nostre lloc web.<\/span><\/div>\n<p><span style=\"background-color: rgba(255, 255, 255, 0);\"><\/p>\n<div style=\"text-align: justify;\"><\/div>\n<p><\/span><\/p>\n<p style=\"text-align: left;\">\n<div style=\"text-align: justify;\"><b style=\"background-color: rgba(255, 255, 255, 0); color: var(--body_typography-color); font-family: var(--body_typography-font-family); font-size: var(--body_typography-font-size); font-style: var(--body_typography-font-style,normal); letter-spacing: var(--body_typography-letter-spacing);\">PROPIETAT INDUSTRIAL I INTEL\u00b7LECTUAL<\/b><\/div>\n<p><b><\/p>\n<div style=\"text-align: left;\"><span style=\"background-color: rgba(255, 255, 255, 0); color: var(--body_typography-color); font-family: var(--body_typography-font-family); font-size: var(--body_typography-font-size); font-style: var(--body_typography-font-style,normal); letter-spacing: var(--body_typography-letter-spacing); text-align: justify; font-weight: var(--body_typography-font-weight);\">Aquest lloc web \u00e9 spropietat de Hinrichsen &amp; Sons SL. Els drets de Propietat Intel\u00b7lectual i drets d&#8217;explotaci\u00f3 i reproducci\u00f3 d&#8217;aquest lloc web, de les seves p\u00e0gines, pantalles, informaci\u00f3 que contenen, el seu disseny, aix\u00ed com els vincles que s&#8217;estableixen des d&#8217;aquesta a altres p\u00e0gines web de qualsevol societat filial i\/o dominada per Hinrichsen &amp; Sons SL, s\u00f3n propietat exclusiva de la mateixa, a no ser que s&#8217;especifiqui expressament el contrari.<\/span><\/div>\n<p><\/b><\/p>\n<p style=\"text-align: justify;\">Qualsevol denominaci\u00f3, disseny i\/o logotip, aix\u00ed com qualsevol producte o servei ofert en aquest lloc web, s\u00f3n marques degudament resgutrades per Hinrichsen &amp; Sons SL, per les seves societats filials o per tercers.<\/p>\n<p style=\"text-align: justify;\">Qualsevol \u00fas indegut de les mateixes per persones diferents del seu leg\u00edtim titular i sense consentiment expl\u00edcit i inequ\u00edvoc per part d&#8217;aquest, podr\u00e0 ser denunciat i perseguit a trav\u00e9s de tots els mitjans legals existents en l&#8217;ordenament jur\u00eddic espanyol i\/o comunitari.<\/p>\n<p style=\"text-align: justify;\">Els drets de propietat intel\u00b7lectual i marques de tercers estan destacats convenienment i han de ser respectats per tot aquell que accedeixi a aquesta p\u00e0gina, no essent responsabilitat de Hinrichsen &amp; Sons SL l&#8217;\u00fas que l&#8217;usuari pugui portar a terme al respecte, tenint la responsabilitat exclusiva en la seva persona.<\/p>\n<p style=\"text-align: justify;\">Tan sols per a l&#8217;\u00fas personal i privat es permet descarregar els continguts, copar o imprimir qualsevol p\u00e0gina del lloc web. Queda prohibit reproduir, transmetre, modificar o suprimir l&#8217;informaci\u00f3, contingut o advert\u00e8ncies d&#8217;aquest lloc web sense la pr\u00e8via autoritzaci\u00f3 per escrit de Hinrichsen &amp; Sons SL.<\/p>\n<p style=\"text-align: justify;\">Hinrichsen &amp; Sons SL no transfereix als seus usuaris la propietat del software i posseeix tots els drets de la propietat industrial i intel\u00b7lectual. Si l&#8217;usuari transfereix el software d&#8217;aquest lloc web a la seva terminal, no podr\u00e0 diseccionar per al seu estudi ni descomposar, tradu\u00efr la versi\u00f3 del codi, objecte original o el llenguatge a un altre codi.<\/p>\n<p style=\"text-align: left;\">\n<div style=\"text-align: justify;\"><b style=\"background-color: rgba(255, 255, 255, 0); color: var(--body_typography-color); font-family: var(--body_typography-font-family); font-size: var(--body_typography-font-size); font-style: var(--body_typography-font-style,normal); letter-spacing: var(--body_typography-letter-spacing);\">LLEI APLICABLE I JURISDICCI\u00d3<\/b><\/div>\n<p><b><\/p>\n<div style=\"text-align: left;\"><span style=\"background-color: rgba(255, 255, 255, 0); color: var(--body_typography-color); font-family: var(--body_typography-font-family); font-size: var(--body_typography-font-size); font-style: var(--body_typography-font-style,normal); font-weight: var(--body_typography-font-weight); letter-spacing: var(--body_typography-letter-spacing); text-align: justify;\">Les presents condicions generals es regeixen per la legislaci\u00f3 espanyola, essent competents en els jutjats i tribunals espanyols per a con\u00e8ixer de quantes questions es susciten sobre l&#8217;interpretaci\u00f3, aplicaci\u00f3 i cumpliment de les mateixes. L&#8217;usuari, per virtud de la seva acceptaci\u00f3 de les condicions generals recollides en aquest av\u00eds legal, renuncia expressament a qualsevol demanda que per aplicaci\u00f3 de la Llei d&#8217;Enjudiciament Civil vigent li podria correspondre.<\/span><\/div>\n<p><\/b><\/p>\n<\/div><div class=\"fusion-clearfix\"><\/div><\/div><\/div><\/div><\/div>\n","protected":false},"excerpt":{"rendered":"","protected":false},"author":1,"featured_media":0,"parent":0,"menu_order":0,"comment_status":"closed","ping_status":"closed","template":"","meta":{"footnotes":""},"class_list":["post-2742","page","type-page","status-publish","hentry"],"yoast_head":"<!-- This site is optimized with the Yoast SEO plugin v27.3 - https:\/\/yoast.com\/product\/yoast-seo-wordpress\/ -->\n<title>Pol\u00edtica de privacitat - Can Marl\u00e8s<\/title>\n<meta name=\"robots\" content=\"index, follow, max-snippet:-1, max-image-preview:large, max-video-preview:-1\" \/>\n<link rel=\"canonical\" href=\"https:\/\/canmarles.com\/ca\/politica-de-privacitat\/\" \/>\n<meta property=\"og:locale\" content=\"ca_ES\" \/>\n<meta property=\"og:type\" content=\"article\" \/>\n<meta property=\"og:title\" content=\"Pol\u00edtica de privacitat - Can Marl\u00e8s\" \/>\n<meta property=\"og:url\" content=\"https:\/\/canmarles.com\/ca\/politica-de-privacitat\/\" \/>\n<meta property=\"og:site_name\" content=\"Can Marl\u00e8s\" \/>\n<meta property=\"article:publisher\" content=\"https:\/\/www.facebook.com\/bodegacanmarles\/\" \/>\n<meta property=\"article:modified_time\" content=\"2020-05-20T11:11:33+00:00\" \/>\n<meta name=\"twitter:card\" content=\"summary_large_image\" \/>\n<meta name=\"twitter:site\" content=\"@bodegacanmarles\" \/>\n<meta name=\"twitter:label1\" content=\"Temps estimat de lectura\" \/>\n\t<meta name=\"twitter:data1\" content=\"6 minuts\" \/>\n<script type=\"application\/ld+json\" class=\"yoast-schema-graph\">{\"@context\":\"https:\\\/\\\/schema.org\",\"@graph\":[{\"@type\":\"WebPage\",\"@id\":\"https:\\\/\\\/canmarles.com\\\/ca\\\/politica-de-privacitat\\\/\",\"url\":\"https:\\\/\\\/canmarles.com\\\/ca\\\/politica-de-privacitat\\\/\",\"name\":\"Pol\u00edtica de privacitat - Can Marl\u00e8s\",\"isPartOf\":{\"@id\":\"https:\\\/\\\/canmarles.com\\\/ca\\\/#website\"},\"datePublished\":\"2020-04-05T20:52:24+00:00\",\"dateModified\":\"2020-05-20T11:11:33+00:00\",\"breadcrumb\":{\"@id\":\"https:\\\/\\\/canmarles.com\\\/ca\\\/politica-de-privacitat\\\/#breadcrumb\"},\"inLanguage\":\"ca\",\"potentialAction\":[{\"@type\":\"ReadAction\",\"target\":[\"https:\\\/\\\/canmarles.com\\\/ca\\\/politica-de-privacitat\\\/\"]}]},{\"@type\":\"BreadcrumbList\",\"@id\":\"https:\\\/\\\/canmarles.com\\\/ca\\\/politica-de-privacitat\\\/#breadcrumb\",\"itemListElement\":[{\"@type\":\"ListItem\",\"position\":1,\"name\":\"Portada\",\"item\":\"https:\\\/\\\/canmarles.com\\\/ca\\\/inici\\\/\"},{\"@type\":\"ListItem\",\"position\":2,\"name\":\"Pol\u00edtica de privacitat\"}]},{\"@type\":\"WebSite\",\"@id\":\"https:\\\/\\\/canmarles.com\\\/ca\\\/#website\",\"url\":\"https:\\\/\\\/canmarles.com\\\/ca\\\/\",\"name\":\"Can Marl\u00e8s\",\"description\":\"Celler i Enoturisme\",\"publisher\":{\"@id\":\"https:\\\/\\\/canmarles.com\\\/ca\\\/#organization\"},\"potentialAction\":[{\"@type\":\"SearchAction\",\"target\":{\"@type\":\"EntryPoint\",\"urlTemplate\":\"https:\\\/\\\/canmarles.com\\\/ca\\\/?s={search_term_string}\"},\"query-input\":{\"@type\":\"PropertyValueSpecification\",\"valueRequired\":true,\"valueName\":\"search_term_string\"}}],\"inLanguage\":\"ca\"},{\"@type\":\"Organization\",\"@id\":\"https:\\\/\\\/canmarles.com\\\/ca\\\/#organization\",\"name\":\"Can Marl\u00e8s\",\"url\":\"https:\\\/\\\/canmarles.com\\\/ca\\\/\",\"logo\":{\"@type\":\"ImageObject\",\"inLanguage\":\"ca\",\"@id\":\"https:\\\/\\\/canmarles.com\\\/ca\\\/#\\\/schema\\\/logo\\\/image\\\/\",\"url\":\"https:\\\/\\\/canmarles.com\\\/wp-content\\\/uploads\\\/2020\\\/03\\\/logoHeader_Big-e1583925821624.png\",\"contentUrl\":\"https:\\\/\\\/canmarles.com\\\/wp-content\\\/uploads\\\/2020\\\/03\\\/logoHeader_Big-e1583925821624.png\",\"width\":251,\"height\":35,\"caption\":\"Can Marl\u00e8s\"},\"image\":{\"@id\":\"https:\\\/\\\/canmarles.com\\\/ca\\\/#\\\/schema\\\/logo\\\/image\\\/\"},\"sameAs\":[\"https:\\\/\\\/www.facebook.com\\\/bodegacanmarles\\\/\",\"https:\\\/\\\/x.com\\\/bodegacanmarles\",\"https:\\\/\\\/www.instagram.com\\\/bodegacanmarles\\\/\"]}]}<\/script>\n<!-- \/ Yoast SEO plugin. -->","yoast_head_json":{"title":"Pol\u00edtica de privacitat - Can Marl\u00e8s","robots":{"index":"index","follow":"follow","max-snippet":"max-snippet:-1","max-image-preview":"max-image-preview:large","max-video-preview":"max-video-preview:-1"},"canonical":"https:\/\/canmarles.com\/ca\/politica-de-privacitat\/","og_locale":"ca_ES","og_type":"article","og_title":"Pol\u00edtica de privacitat - Can Marl\u00e8s","og_url":"https:\/\/canmarles.com\/ca\/politica-de-privacitat\/","og_site_name":"Can Marl\u00e8s","article_publisher":"https:\/\/www.facebook.com\/bodegacanmarles\/","article_modified_time":"2020-05-20T11:11:33+00:00","twitter_card":"summary_large_image","twitter_site":"@bodegacanmarles","twitter_misc":{"Temps estimat de lectura":"6 minuts"},"schema":{"@context":"https:\/\/schema.org","@graph":[{"@type":"WebPage","@id":"https:\/\/canmarles.com\/ca\/politica-de-privacitat\/","url":"https:\/\/canmarles.com\/ca\/politica-de-privacitat\/","name":"Pol\u00edtica de privacitat - Can Marl\u00e8s","isPartOf":{"@id":"https:\/\/canmarles.com\/ca\/#website"},"datePublished":"2020-04-05T20:52:24+00:00","dateModified":"2020-05-20T11:11:33+00:00","breadcrumb":{"@id":"https:\/\/canmarles.com\/ca\/politica-de-privacitat\/#breadcrumb"},"inLanguage":"ca","potentialAction":[{"@type":"ReadAction","target":["https:\/\/canmarles.com\/ca\/politica-de-privacitat\/"]}]},{"@type":"BreadcrumbList","@id":"https:\/\/canmarles.com\/ca\/politica-de-privacitat\/#breadcrumb","itemListElement":[{"@type":"ListItem","position":1,"name":"Portada","item":"https:\/\/canmarles.com\/ca\/inici\/"},{"@type":"ListItem","position":2,"name":"Pol\u00edtica de privacitat"}]},{"@type":"WebSite","@id":"https:\/\/canmarles.com\/ca\/#website","url":"https:\/\/canmarles.com\/ca\/","name":"Can Marl\u00e8s","description":"Celler i Enoturisme","publisher":{"@id":"https:\/\/canmarles.com\/ca\/#organization"},"potentialAction":[{"@type":"SearchAction","target":{"@type":"EntryPoint","urlTemplate":"https:\/\/canmarles.com\/ca\/?s={search_term_string}"},"query-input":{"@type":"PropertyValueSpecification","valueRequired":true,"valueName":"search_term_string"}}],"inLanguage":"ca"},{"@type":"Organization","@id":"https:\/\/canmarles.com\/ca\/#organization","name":"Can Marl\u00e8s","url":"https:\/\/canmarles.com\/ca\/","logo":{"@type":"ImageObject","inLanguage":"ca","@id":"https:\/\/canmarles.com\/ca\/#\/schema\/logo\/image\/","url":"https:\/\/canmarles.com\/wp-content\/uploads\/2020\/03\/logoHeader_Big-e1583925821624.png","contentUrl":"https:\/\/canmarles.com\/wp-content\/uploads\/2020\/03\/logoHeader_Big-e1583925821624.png","width":251,"height":35,"caption":"Can Marl\u00e8s"},"image":{"@id":"https:\/\/canmarles.com\/ca\/#\/schema\/logo\/image\/"},"sameAs":["https:\/\/www.facebook.com\/bodegacanmarles\/","https:\/\/x.com\/bodegacanmarles","https:\/\/www.instagram.com\/bodegacanmarles\/"]}]}},"jetpack_sharing_enabled":true,"_links":{"self":[{"href":"https:\/\/canmarles.com\/ca\/wp-json\/wp\/v2\/pages\/2742","targetHints":{"allow":["GET"]}}],"collection":[{"href":"https:\/\/canmarles.com\/ca\/wp-json\/wp\/v2\/pages"}],"about":[{"href":"https:\/\/canmarles.com\/ca\/wp-json\/wp\/v2\/types\/page"}],"author":[{"embeddable":true,"href":"https:\/\/canmarles.com\/ca\/wp-json\/wp\/v2\/users\/1"}],"replies":[{"embeddable":true,"href":"https:\/\/canmarles.com\/ca\/wp-json\/wp\/v2\/comments?post=2742"}],"version-history":[{"count":19,"href":"https:\/\/canmarles.com\/ca\/wp-json\/wp\/v2\/pages\/2742\/revisions"}],"predecessor-version":[{"id":3863,"href":"https:\/\/canmarles.com\/ca\/wp-json\/wp\/v2\/pages\/2742\/revisions\/3863"}],"wp:attachment":[{"href":"https:\/\/canmarles.com\/ca\/wp-json\/wp\/v2\/media?parent=2742"}],"curies":[{"name":"wp","href":"https:\/\/api.w.org\/{rel}","templated":true}]}}